{"id":107,"date":"2023-05-23T20:45:22","date_gmt":"2023-05-23T18:45:22","guid":{"rendered":"http:\/\/residencedespins.ddns.net\/wordpress\/?page_id=107"},"modified":"2023-08-10T00:37:38","modified_gmt":"2023-08-09T22:37:38","slug":"studio-terrasse","status":"publish","type":"page","link":"http:\/\/residencedespins.ddns.net\/wordpress\/studio-terrasse\/","title":{"rendered":"Studio terrasse"},"content":{"rendered":"<p>[et_pb_section fb_built=\u00a0\u00bb1&Prime; _builder_version=\u00a0\u00bb4.21.0&Prime; _module_preset=\u00a0\u00bbdefault\u00a0\u00bb global_colors_info=\u00a0\u00bb{}\u00a0\u00bb][et_pb_row column_structure=\u00a0\u00bb1_3,1_3,1_3&Prime; _builder_version=\u00a0\u00bb4.21.0&Prime; _module_preset=\u00a0\u00bbdefault\u00a0\u00bb global_colors_info=\u00a0\u00bb{}\u00a0\u00bb][et_pb_column type=\u00a0\u00bb1_3&Prime; _builder_version=\u00a0\u00bb4.21.0&Prime; _module_preset=\u00a0\u00bbdefault\u00a0\u00bb global_colors_info=\u00a0\u00bb{}\u00a0\u00bb][et_pb_image src=\u00a0\u00bbhttp:\/\/residencedespins.ddns.net\/wordpress\/wp-content\/uploads\/2023\/07\/N0-5-Chambre-et-terrasse-scaled.jpg\u00a0\u00bb title_text=\u00a0\u00bbStudio terrasse\u00a0\u00bb show_in_lightbox=\u00a0\u00bbon\u00a0\u00bb _builder_version=\u00a0\u00bb4.21.0&Prime; _module_preset=\u00a0\u00bbdefault\u00a0\u00bb global_colors_info=\u00a0\u00bb{}\u00a0\u00bb][\/et_pb_image][et_pb_text _builder_version=\u00a0\u00bb4.21.0&Prime; _module_preset=\u00a0\u00bbdefault\u00a0\u00bb text_font=\u00a0\u00bbAlatsi||||||||\u00a0\u00bb text_text_color=\u00a0\u00bb#5E4955&Prime; text_font_size=\u00a0\u00bb24px\u00a0\u00bb text_letter_spacing=\u00a0\u00bb3px\u00a0\u00bb text_line_height=\u00a0\u00bb1em\u00a0\u00bb text_orientation=\u00a0\u00bbcenter\u00a0\u00bb global_colors_info=\u00a0\u00bb{}\u00a0\u00bb]<\/p>\n<p>Chambre du studio terrasse<\/p>\n<p>[\/et_pb_text][\/et_pb_column][et_pb_column type=\u00a0\u00bb1_3&Prime; _builder_version=\u00a0\u00bb4.21.0&Prime; _module_preset=\u00a0\u00bbdefault\u00a0\u00bb global_colors_info=\u00a0\u00bb{}\u00a0\u00bb][et_pb_image src=\u00a0\u00bbhttp:\/\/residencedespins.ddns.net\/wordpress\/wp-content\/uploads\/2023\/07\/Cuisine-et-table-scaled.jpg\u00a0\u00bb title_text=\u00a0\u00bbCuisine du studio terrasse\u00a0\u00bb show_in_lightbox=\u00a0\u00bbon\u00a0\u00bb _builder_version=\u00a0\u00bb4.21.0&Prime; _module_preset=\u00a0\u00bbdefault\u00a0\u00bb global_colors_info=\u00a0\u00bb{}\u00a0\u00bb][\/et_pb_image][et_pb_text _builder_version=\u00a0\u00bb4.21.0&Prime; _module_preset=\u00a0\u00bbdefault\u00a0\u00bb text_font=\u00a0\u00bbAlatsi||||||||\u00a0\u00bb text_text_color=\u00a0\u00bb#5E4955&Prime; text_font_size=\u00a0\u00bb24px\u00a0\u00bb text_letter_spacing=\u00a0\u00bb3px\u00a0\u00bb text_line_height=\u00a0\u00bb1em\u00a0\u00bb text_orientation=\u00a0\u00bbcenter\u00a0\u00bb global_colors_info=\u00a0\u00bb{}\u00a0\u00bb]<\/p>\n<p>Cuisine \u00e9quip\u00e9e\u00a0 du studio terrasse<\/p>\n<p>[\/et_pb_text][\/et_pb_column][et_pb_column type=\u00a0\u00bb1_3&Prime; _builder_version=\u00a0\u00bb4.21.0&Prime; _module_preset=\u00a0\u00bbdefault\u00a0\u00bb global_colors_info=\u00a0\u00bb{}\u00a0\u00bb][et_pb_image src=\u00a0\u00bbhttp:\/\/residencedespins.ddns.net\/wordpress\/wp-content\/uploads\/2023\/07\/Salle-de-bains-studio-terrasse-scaled.jpg\u00a0\u00bb title_text=\u00a0\u00bbSalle de bains du studio terrasse\u00a0\u00bb show_in_lightbox=\u00a0\u00bbon\u00a0\u00bb _builder_version=\u00a0\u00bb4.21.0&Prime; _module_preset=\u00a0\u00bbdefault\u00a0\u00bb global_colors_info=\u00a0\u00bb{}\u00a0\u00bb][\/et_pb_image][et_pb_text _builder_version=\u00a0\u00bb4.21.0&Prime; _module_preset=\u00a0\u00bbdefault\u00a0\u00bb text_font=\u00a0\u00bbAlatsi||||||||\u00a0\u00bb text_text_color=\u00a0\u00bb#5E4955&Prime; text_font_size=\u00a0\u00bb24px\u00a0\u00bb text_letter_spacing=\u00a0\u00bb3px\u00a0\u00bb text_line_height=\u00a0\u00bb1em\u00a0\u00bb text_orientation=\u00a0\u00bbcenter\u00a0\u00bb global_colors_info=\u00a0\u00bb{}\u00a0\u00bb]<\/p>\n<p>Salle de bains douche du studio terrasse<\/p>\n<p>[\/et_pb_text][\/et_pb_column][\/et_pb_row][et_pb_row column_structure=\u00a0\u00bb2_5,3_5&Prime; _builder_version=\u00a0\u00bb4.21.0&Prime; _module_preset=\u00a0\u00bbdefault\u00a0\u00bb global_colors_info=\u00a0\u00bb{}\u00a0\u00bb][et_pb_column type=\u00a0\u00bb2_5&Prime; _builder_version=\u00a0\u00bb4.21.0&Prime; _module_preset=\u00a0\u00bbdefault\u00a0\u00bb global_colors_info=\u00a0\u00bb{}\u00a0\u00bb][et_pb_text _builder_version=\u00a0\u00bb4.21.0&Prime; _module_preset=\u00a0\u00bbdefault\u00a0\u00bb text_font=\u00a0\u00bbAlatsi||||||||\u00a0\u00bb text_font_size=\u00a0\u00bb24px\u00a0\u00bb text_letter_spacing=\u00a0\u00bb3px\u00a0\u00bb text_line_height=\u00a0\u00bb1em\u00a0\u00bb background_enable_color=\u00a0\u00bboff\u00a0\u00bb global_colors_info=\u00a0\u00bb{}\u00a0\u00bb]<\/p>\n<p style=\"text-align: center;\">\n<p style=\"text-align: center;\">\n<p style=\"text-align: center;\">\n<p style=\"text-align: center;\">\n<blockquote>\n<p style=\"text-align: center;\">Ext\u00e9rieur<\/p>\n<\/blockquote>\n<p>[\/et_pb_text][\/et_pb_column][et_pb_column type=\u00a0\u00bb3_5&Prime; _builder_version=\u00a0\u00bb4.21.0&Prime; _module_preset=\u00a0\u00bbdefault\u00a0\u00bb global_colors_info=\u00a0\u00bb{}\u00a0\u00bb][et_pb_text _builder_version=\u00a0\u00bb4.21.0&Prime; _module_preset=\u00a0\u00bbdefault\u00a0\u00bb text_font=\u00a0\u00bbAlatsi||||||||\u00a0\u00bb text_text_color=\u00a0\u00bb#495F4D\u00a0\u00bb text_font_size=\u00a0\u00bb24px\u00a0\u00bb text_letter_spacing=\u00a0\u00bb3px\u00a0\u00bb quote_font=\u00a0\u00bbAlatsi||||||||\u00a0\u00bb quote_font_size=\u00a0\u00bb24px\u00a0\u00bb quote_letter_spacing=\u00a0\u00bb3px\u00a0\u00bb global_colors_info=\u00a0\u00bb{}\u00a0\u00bb]<\/p>\n<ul>\n<li>\n<blockquote>\n<p>Situation en terrasse surplombant le jardin<\/p>\n<\/blockquote>\n<\/li>\n<li>\n<blockquote>\n<p>Jardin d&rsquo;agr\u00e9ment \u00e0 disposition<\/p>\n<\/blockquote>\n<\/li>\n<li>\n<blockquote>\n<p>Terrasse priv\u00e9e avec mobilier de jardin<\/p>\n<\/blockquote>\n<\/li>\n<li>\n<blockquote>\n<p>Barbecue \u00e0 disposition dans le jardin<\/p>\n<\/blockquote>\n<\/li>\n<li>\n<blockquote>\n<p>Parking gratuit (1 seule voiture par appartement)<\/p>\n<\/blockquote>\n<\/li>\n<li>\n<blockquote>\n<p>Exposition ouest (c\u00f4t\u00e9 Monts du Jura)<\/p>\n<\/blockquote>\n<\/li>\n<\/ul>\n<p>&nbsp;<\/p>\n<p>[\/et_pb_text][\/et_pb_column][\/et_pb_row][et_pb_row _builder_version=\u00a0\u00bb4.21.0&Prime; _module_preset=\u00a0\u00bbdefault\u00a0\u00bb global_colors_info=\u00a0\u00bb{}\u00a0\u00bb][et_pb_column type=\u00a0\u00bb4_4&Prime; _builder_version=\u00a0\u00bb4.21.0&Prime; _module_preset=\u00a0\u00bbdefault\u00a0\u00bb global_colors_info=\u00a0\u00bb{}\u00a0\u00bb][et_pb_image src=\u00a0\u00bbhttp:\/\/residencedespins.ddns.net\/wordpress\/wp-content\/uploads\/2023\/06\/Lignes-de-pignes-de-pin.jpg\u00a0\u00bb title_text=\u00a0\u00bbSpruce tree cones and branches pattern border. Vector illustration.\u00a0\u00bb align=\u00a0\u00bbcenter\u00a0\u00bb _builder_version=\u00a0\u00bb4.21.0&Prime; _module_preset=\u00a0\u00bbdefault\u00a0\u00bb global_colors_info=\u00a0\u00bb{}\u00a0\u00bb][\/et_pb_image][\/et_pb_column][\/et_pb_row][et_pb_row column_structure=\u00a0\u00bb2_5,3_5&Prime; _builder_version=\u00a0\u00bb4.21.0&Prime; _module_preset=\u00a0\u00bbdefault\u00a0\u00bb custom_padding=\u00a0\u00bb||0px|||\u00a0\u00bb global_colors_info=\u00a0\u00bb{}\u00a0\u00bb][et_pb_column type=\u00a0\u00bb2_5&Prime; _builder_version=\u00a0\u00bb4.21.0&Prime; _module_preset=\u00a0\u00bbdefault\u00a0\u00bb global_colors_info=\u00a0\u00bb{}\u00a0\u00bb][et_pb_text _builder_version=\u00a0\u00bb4.21.0&Prime; _module_preset=\u00a0\u00bbdefault\u00a0\u00bb text_font=\u00a0\u00bbAlatsi||||||||\u00a0\u00bb text_font_size=\u00a0\u00bb24px\u00a0\u00bb text_letter_spacing=\u00a0\u00bb3px\u00a0\u00bb text_line_height=\u00a0\u00bb1em\u00a0\u00bb global_colors_info=\u00a0\u00bb{}\u00a0\u00bb]<\/p>\n<p>&nbsp;<\/p>\n<p>&nbsp;<\/p>\n<p>&nbsp;<\/p>\n<blockquote>\n<p>Int\u00e9rieur<\/p>\n<\/blockquote>\n<p>[\/et_pb_text][\/et_pb_column][et_pb_column type=\u00a0\u00bb3_5&Prime; _builder_version=\u00a0\u00bb4.21.0&Prime; _module_preset=\u00a0\u00bbdefault\u00a0\u00bb global_colors_info=\u00a0\u00bb{}\u00a0\u00bb][et_pb_text _builder_version=\u00a0\u00bb4.21.0&Prime; _module_preset=\u00a0\u00bbdefault\u00a0\u00bb text_font=\u00a0\u00bbAlatsi||||||||\u00a0\u00bb text_text_color=\u00a0\u00bb#5E4955&Prime; text_font_size=\u00a0\u00bb24px\u00a0\u00bb text_letter_spacing=\u00a0\u00bb3px\u00a0\u00bb text_line_height=\u00a0\u00bb1em\u00a0\u00bb custom_padding=\u00a0\u00bb||0px|||\u00a0\u00bb global_colors_info=\u00a0\u00bb{}\u00a0\u00bb]<\/p>\n<ul>\n<li>\n<blockquote>\n<p>Surface 28 M2 environ<\/p>\n<\/blockquote>\n<\/li>\n<li>\n<blockquote>\n<p>Nombre de pi\u00e8ce 1<\/p>\n<p>Capacit\u00e9 de 2 personnes<\/p>\n<p>&nbsp;<\/p>\n<\/blockquote>\n<\/li>\n<li>\n<blockquote>\n<p>Living &#8211; ameublement r\u00e9cent (penderie, table, chaises, commode, lit 2 places (excellent et r\u00e9cent couchage)<\/p>\n<\/blockquote>\n<\/li>\n<li>\n<blockquote>\n<p>Porte fen\u00eatre sur terrasse<\/p>\n<\/blockquote>\n<\/li>\n<li>\n<blockquote>\n<p>Cuisine enti\u00e8rement \u00e9quip\u00e9e et meubl\u00e9e (micro ondes, r\u00e9frig\u00e9rateur, plaques \u00e9lectriques ou vitro c\u00e9ramique, cafeti\u00e8re, batterie compl\u00e8te de vaisselle)<\/p>\n<\/blockquote>\n<\/li>\n<li>\n<blockquote>\n<p>Salle de bains &#8211; douche &#8211; lavabo &#8211; Toilette<\/p>\n<\/blockquote>\n<\/li>\n<li>\n<blockquote>\n<p>Chauffage \u00e0 r\u00e9glage individuel<\/p>\n<\/blockquote>\n<\/li>\n<li>\n<blockquote>\n<p>T\u00e9l\u00e9vision et wifi<\/p>\n<\/blockquote>\n<\/li>\n<\/ul>\n<p>&nbsp;<\/p>\n<p>[\/et_pb_text][\/et_pb_column][\/et_pb_row][et_pb_row _builder_version=\u00a0\u00bb4.21.0&Prime; _module_preset=\u00a0\u00bbdefault\u00a0\u00bb global_colors_info=\u00a0\u00bb{}\u00a0\u00bb][et_pb_column type=\u00a0\u00bb4_4&Prime; _builder_version=\u00a0\u00bb4.21.0&Prime; _module_preset=\u00a0\u00bbdefault\u00a0\u00bb global_colors_info=\u00a0\u00bb{}\u00a0\u00bb][et_pb_image src=\u00a0\u00bbhttp:\/\/residencedespins.ddns.net\/wordpress\/wp-content\/uploads\/2023\/06\/Lignes-de-pignes-de-pin.jpg\u00a0\u00bb title_text=\u00a0\u00bbSpruce tree cones and branches pattern border. Vector illustration.\u00a0\u00bb align=\u00a0\u00bbcenter\u00a0\u00bb _builder_version=\u00a0\u00bb4.21.0&Prime; _module_preset=\u00a0\u00bbdefault\u00a0\u00bb global_colors_info=\u00a0\u00bb{}\u00a0\u00bb][\/et_pb_image][\/et_pb_column][\/et_pb_row][et_pb_row _builder_version=\u00a0\u00bb4.21.0&Prime; _module_preset=\u00a0\u00bbdefault\u00a0\u00bb global_colors_info=\u00a0\u00bb{}\u00a0\u00bb][et_pb_column type=\u00a0\u00bb4_4&Prime; _builder_version=\u00a0\u00bb4.21.0&Prime; _module_preset=\u00a0\u00bbdefault\u00a0\u00bb global_colors_info=\u00a0\u00bb{}\u00a0\u00bb][et_pb_text _builder_version=\u00a0\u00bb4.21.0&Prime; _module_preset=\u00a0\u00bbdefault\u00a0\u00bb text_font=\u00a0\u00bbAlatsi||||||||\u00a0\u00bb text_text_color=\u00a0\u00bb#5E4955&Prime; text_font_size=\u00a0\u00bb24px\u00a0\u00bb text_letter_spacing=\u00a0\u00bb3px\u00a0\u00bb text_line_height=\u00a0\u00bb1em\u00a0\u00bb global_colors_info=\u00a0\u00bb{}\u00a0\u00bb]<\/p>\n<blockquote>\n<p>Cet appartement saura vous s\u00e9duire par son emplacement et son orientation sur les Monts du Jura, le surplomb sur le jardin et le calme du lieu&#8230;!<\/p>\n<\/blockquote>\n<p>[\/et_pb_text][\/et_pb_column][\/et_pb_row][et_pb_row _builder_version=\u00a0\u00bb4.21.0&Prime; _module_preset=\u00a0\u00bbdefault\u00a0\u00bb global_colors_info=\u00a0\u00bb{}\u00a0\u00bb][et_pb_column type=\u00a0\u00bb4_4&Prime; _builder_version=\u00a0\u00bb4.21.0&Prime; _module_preset=\u00a0\u00bbdefault\u00a0\u00bb global_colors_info=\u00a0\u00bb{}\u00a0\u00bb][et_pb_image src=\u00a0\u00bbhttp:\/\/residencedespins.ddns.net\/wordpress\/wp-content\/uploads\/2023\/06\/Pomme-de-pins-1.jpg\u00a0\u00bb title_text=\u00a0\u00bbPomme de pins\u00a0\u00bb align=\u00a0\u00bbcenter\u00a0\u00bb _builder_version=\u00a0\u00bb4.21.0&Prime; _module_preset=\u00a0\u00bbdefault\u00a0\u00bb global_colors_info=\u00a0\u00bb{}\u00a0\u00bb][\/et_pb_image][et_pb_text admin_label=\u00a0\u00bbR\u00e9servez maintenant ou bien contactez nous\u00a0\u00bb _builder_version=\u00a0\u00bb4.21.2&Prime; _dynamic_attributes=\u00a0\u00bblink_option_url\u00a0\u00bb _module_preset=\u00a0\u00bbdefault\u00a0\u00bb text_font=\u00a0\u00bbAlatsi||||||||\u00a0\u00bb text_text_color=\u00a0\u00bb#5E4955&Prime; text_font_size=\u00a0\u00bb25px\u00a0\u00bb text_letter_spacing=\u00a0\u00bb5px\u00a0\u00bb text_line_height=\u00a0\u00bb1.5em\u00a0\u00bb background_color=\u00a0\u00bbrgba(134,232,204,0.4)\u00a0\u00bb text_orientation=\u00a0\u00bbcenter\u00a0\u00bb width=\u00a0\u00bb61.1%\u00a0\u00bb max_width=\u00a0\u00bb100%\u00a0\u00bb module_alignment=\u00a0\u00bbright\u00a0\u00bb max_height=\u00a0\u00bb1000px\u00a0\u00bb custom_margin=\u00a0\u00bb|354px|-13px|21px|false|false\u00a0\u00bb custom_padding=\u00a0\u00bb|0px||||\u00a0\u00bb animation_style=\u00a0\u00bbzoom\u00a0\u00bb animation_duration=\u00a0\u00bb1950ms\u00a0\u00bb animation_intensity_zoom=\u00a0\u00bb78%\u00a0\u00bb animation_starting_opacity=\u00a0\u00bb30%\u00a0\u00bb link_option_url=\u00a0\u00bb@ET-DC@eyJkeW5hbWljIjp0cnVlLCJjb250ZW50IjoicG9zdF9saW5rX3VybF9wYWdlIiwic2V0dGluZ3MiOnsicG9zdF9pZCI6IjUxIn19@\u00a0\u00bb global_colors_info=\u00a0\u00bb{}\u00a0\u00bb theme_builder_area=\u00a0\u00bbpost_content\u00a0\u00bb]<\/p>\n<p style=\"text-align: center;\">Effectuer une pr\u00e9-r\u00e9servation d\u00e8s maintenant ou bien contactez nous<\/p>\n<p>[\/et_pb_text][\/et_pb_column][\/et_pb_row][et_pb_row _builder_version=\u00a0\u00bb4.21.0&Prime; _module_preset=\u00a0\u00bbdefault\u00a0\u00bb global_colors_info=\u00a0\u00bb{}\u00a0\u00bb][et_pb_column type=\u00a0\u00bb4_4&Prime; _builder_version=\u00a0\u00bb4.21.0&Prime; _module_preset=\u00a0\u00bbdefault\u00a0\u00bb global_colors_info=\u00a0\u00bb{}\u00a0\u00bb][et_pb_image src=\u00a0\u00bbhttp:\/\/residencedespins.ddns.net\/wordpress\/wp-content\/uploads\/2023\/06\/Maison-cote-rue-des-Vignes-scaled.jpg\u00a0\u00bb alt=\u00a0\u00bbEntr\u00e9e de la R\u00e9sidence des Pins c\u00f4t\u00e9 rue des Vignes \u00e0 Gaillard\u00a0\u00bb title_text=\u00a0\u00bbMaison c\u00f4t\u00e9 rue des Vignes\u00a0\u00bb show_in_lightbox=\u00a0\u00bbon\u00a0\u00bb _builder_version=\u00a0\u00bb4.21.0&Prime; _module_preset=\u00a0\u00bbdefault\u00a0\u00bb global_colors_info=\u00a0\u00bb{}\u00a0\u00bb][\/et_pb_image][\/et_pb_column][\/et_pb_row][\/et_pb_section]<\/p>\n","protected":false},"excerpt":{"rendered":"<p>Chambre du studio terrasseCuisine \u00e9quip\u00e9e\u00a0 du studio terrasseSalle de bains douche du studio terrasse Ext\u00e9rieur Situation en terrasse surplombant le jardin Jardin d&rsquo;agr\u00e9ment \u00e0 disposition Terrasse priv\u00e9e avec mobilier de jardin Barbecue \u00e0 disposition dans le jardin Parking gratuit (1 seule voiture par appartement) Exposition ouest (c\u00f4t\u00e9 Monts du Jura) &nbsp;&nbsp; &nbsp; &nbsp; Int\u00e9rieur Surface [&hellip;]<\/p>\n","protected":false},"author":1,"featured_media":0,"parent":0,"menu_order":0,"comment_status":"closed","ping_status":"closed","template":"","meta":{"_et_pb_use_builder":"on","_et_pb_old_content":"<!-- wp:divi\/placeholder \/-->","_et_gb_content_width":"","footnotes":""},"class_list":["post-107","page","type-page","status-publish","hentry"],"_links":{"self":[{"href":"http:\/\/residencedespins.ddns.net\/wordpress\/wp-json\/wp\/v2\/pages\/107","targetHints":{"allow":["GET"]}}],"collection":[{"href":"http:\/\/residencedespins.ddns.net\/wordpress\/wp-json\/wp\/v2\/pages"}],"about":[{"href":"http:\/\/residencedespins.ddns.net\/wordpress\/wp-json\/wp\/v2\/types\/page"}],"author":[{"embeddable":true,"href":"http:\/\/residencedespins.ddns.net\/wordpress\/wp-json\/wp\/v2\/users\/1"}],"replies":[{"embeddable":true,"href":"http:\/\/residencedespins.ddns.net\/wordpress\/wp-json\/wp\/v2\/comments?post=107"}],"version-history":[{"count":16,"href":"http:\/\/residencedespins.ddns.net\/wordpress\/wp-json\/wp\/v2\/pages\/107\/revisions"}],"predecessor-version":[{"id":1052,"href":"http:\/\/residencedespins.ddns.net\/wordpress\/wp-json\/wp\/v2\/pages\/107\/revisions\/1052"}],"wp:attachment":[{"href":"http:\/\/residencedespins.ddns.net\/wordpress\/wp-json\/wp\/v2\/media?parent=107"}],"curies":[{"name":"wp","href":"https:\/\/api.w.org\/{rel}","templated":true}]}}