{"id":93,"date":"2023-05-23T20:30:40","date_gmt":"2023-05-23T18:30:40","guid":{"rendered":"http:\/\/residencedespins.ddns.net\/wordpress\/?page_id=93"},"modified":"2025-04-04T21:17:53","modified_gmt":"2025-04-04T19:17:53","slug":"appartements","status":"publish","type":"page","link":"http:\/\/residencedespins.ddns.net\/wordpress\/accueil\/appartements\/","title":{"rendered":"Appartements"},"content":{"rendered":"<p>[et_pb_section fb_built=\u00a0\u00bb1&Prime; _builder_version=\u00a0\u00bb4.21.0&Prime; _module_preset=\u00a0\u00bbdefault\u00a0\u00bb global_colors_info=\u00a0\u00bb{}\u00a0\u00bb][et_pb_row _builder_version=\u00a0\u00bb4.21.0&Prime; _module_preset=\u00a0\u00bbdefault\u00a0\u00bb global_colors_info=\u00a0\u00bb{}\u00a0\u00bb][et_pb_column type=\u00a0\u00bb4_4&Prime; _builder_version=\u00a0\u00bb4.21.0&Prime; _module_preset=\u00a0\u00bbdefault\u00a0\u00bb global_colors_info=\u00a0\u00bb{}\u00a0\u00bb][et_pb_image src=\u00a0\u00bbhttp:\/\/residencedespins.ddns.net\/wordpress\/wp-content\/uploads\/2023\/05\/N0-1-Terrasse&#8211;scaled.jpg\u00a0\u00bb alt=\u00a0\u00bbStudio loft, terrasse sur jardin\u00a0\u00bb title_text=\u00a0\u00bbTerrasse d&rsquo;un studio loft\u00a0\u00bb show_in_lightbox=\u00a0\u00bbon\u00a0\u00bb align=\u00a0\u00bbcenter\u00a0\u00bb admin_label=\u00a0\u00bbTerrasse appartement loft \u00a0\u00bb _builder_version=\u00a0\u00bb4.21.0&Prime; _module_preset=\u00a0\u00bbdefault\u00a0\u00bb z_index=\u00a0\u00bb395&Prime; global_colors_info=\u00a0\u00bb{}\u00a0\u00bb][\/et_pb_image][\/et_pb_column][\/et_pb_row][et_pb_row column_structure=\u00a0\u00bb2_5,3_5&Prime; _builder_version=\u00a0\u00bb4.21.0&Prime; _module_preset=\u00a0\u00bbdefault\u00a0\u00bb custom_padding=\u00a0\u00bb|||0px||\u00a0\u00bb global_colors_info=\u00a0\u00bb{}\u00a0\u00bb][et_pb_column type=\u00a0\u00bb2_5&Prime; _builder_version=\u00a0\u00bb4.21.0&Prime; _module_preset=\u00a0\u00bbdefault\u00a0\u00bb global_colors_info=\u00a0\u00bb{}\u00a0\u00bb][et_pb_text _builder_version=\u00a0\u00bb4.21.0&Prime; _module_preset=\u00a0\u00bbdefault\u00a0\u00bb text_font=\u00a0\u00bbAlatsi||||||||\u00a0\u00bb text_font_size=\u00a0\u00bb24px\u00a0\u00bb text_letter_spacing=\u00a0\u00bb3px\u00a0\u00bb text_line_height=\u00a0\u00bb1em\u00a0\u00bb custom_padding=\u00a0\u00bb7px|||||\u00a0\u00bb border_color_bottom=\u00a0\u00bb#66EB00&Prime; border_style_bottom=\u00a0\u00bbdouble\u00a0\u00bb border_color_left=\u00a0\u00bb#66EB00&Prime; border_style_left=\u00a0\u00bbdouble\u00a0\u00bb global_colors_info=\u00a0\u00bb{}\u00a0\u00bb]<\/p>\n<blockquote>\n<p style=\"text-align: left;\">La R\u00e9sidence des Pins est\u00a0\u00a0 une petite r\u00e9sidence d&rsquo;appartements meubl\u00e9s de type studios loft &#8211; Studio &#8211; T1, T2\u00a0 enti\u00e8rement meubl\u00e9s et \u00e9quip\u00e9s dans le cadre calme et sympathique d&rsquo;une grande maison savoyarde&#8230;!<\/p>\n<\/blockquote>\n<p style=\"text-align: left;\">[\/et_pb_text][\/et_pb_column][et_pb_column type=\u00a0\u00bb3_5&Prime; _builder_version=\u00a0\u00bb4.21.0&Prime; _module_preset=\u00a0\u00bbdefault\u00a0\u00bb global_colors_info=\u00a0\u00bb{}\u00a0\u00bb][et_pb_image src=\u00a0\u00bbhttp:\/\/residencedespins.ddns.net\/wordpress\/wp-content\/uploads\/2023\/06\/Couchage-sous-mezzanine-du-loft-terrasse-scaled.jpg\u00a0\u00bb title_text=\u00a0\u00bbCouchage sous mezzanine du loft terrasse\u00a0\u00bb show_in_lightbox=\u00a0\u00bbon\u00a0\u00bb align=\u00a0\u00bbright\u00a0\u00bb _builder_version=\u00a0\u00bb4.21.0&Prime; _module_preset=\u00a0\u00bbdefault\u00a0\u00bb module_alignment=\u00a0\u00bbleft\u00a0\u00bb global_colors_info=\u00a0\u00bb{}\u00a0\u00bb][\/et_pb_image][\/et_pb_column][\/et_pb_row][et_pb_row column_structure=\u00a0\u00bb3_4,1_4&Prime; _builder_version=\u00a0\u00bb4.21.0&Prime; _module_preset=\u00a0\u00bbdefault\u00a0\u00bb global_colors_info=\u00a0\u00bb{}\u00a0\u00bb][et_pb_column type=\u00a0\u00bb3_4&Prime; _builder_version=\u00a0\u00bb4.21.0&Prime; _module_preset=\u00a0\u00bbdefault\u00a0\u00bb global_colors_info=\u00a0\u00bb{}\u00a0\u00bb][et_pb_image src=\u00a0\u00bbhttp:\/\/residencedespins.ddns.net\/wordpress\/wp-content\/uploads\/2023\/06\/Chambre-en-mezzanine-scaled.jpg\u00a0\u00bb alt=\u00a0\u00bbLes chambres des loft de la R\u00e9sidence des Pins se situent en mezzanine\u00a0\u00bb title_text=\u00a0\u00bbChambre en mezzanine\u00a0\u00bb show_in_lightbox=\u00a0\u00bbon\u00a0\u00bb _builder_version=\u00a0\u00bb4.21.0&Prime; _module_preset=\u00a0\u00bbdefault\u00a0\u00bb width=\u00a0\u00bb81%\u00a0\u00bb custom_margin=\u00a0\u00bb|491px||||\u00a0\u00bb global_colors_info=\u00a0\u00bb{}\u00a0\u00bb][\/et_pb_image][\/et_pb_column][et_pb_column type=\u00a0\u00bb1_4&Prime; _builder_version=\u00a0\u00bb4.21.0&Prime; _module_preset=\u00a0\u00bbdefault\u00a0\u00bb global_colors_info=\u00a0\u00bb{}\u00a0\u00bb][et_pb_image src=\u00a0\u00bbhttp:\/\/residencedespins.ddns.net\/wordpress\/wp-content\/uploads\/2023\/06\/Pomme-de-pins-1.jpg\u00a0\u00bb title_text=\u00a0\u00bbPomme de pins\u00a0\u00bb _builder_version=\u00a0\u00bb4.21.0&Prime; _module_preset=\u00a0\u00bbdefault\u00a0\u00bb global_colors_info=\u00a0\u00bb{}\u00a0\u00bb][\/et_pb_image][\/et_pb_column][\/et_pb_row][et_pb_row _builder_version=\u00a0\u00bb4.21.0&Prime; _module_preset=\u00a0\u00bbdefault\u00a0\u00bb global_colors_info=\u00a0\u00bb{}\u00a0\u00bb][et_pb_column type=\u00a0\u00bb4_4&Prime; _builder_version=\u00a0\u00bb4.21.0&Prime; _module_preset=\u00a0\u00bbdefault\u00a0\u00bb global_colors_info=\u00a0\u00bb{}\u00a0\u00bb][et_pb_text _builder_version=\u00a0\u00bb4.21.0&Prime; _module_preset=\u00a0\u00bbdefault\u00a0\u00bb text_font=\u00a0\u00bbAlatsi||||||||\u00a0\u00bb text_text_color=\u00a0\u00bb#5E4955&Prime; text_font_size=\u00a0\u00bb24px\u00a0\u00bb text_letter_spacing=\u00a0\u00bb3px\u00a0\u00bb text_line_height=\u00a0\u00bb1em\u00a0\u00bb background_enable_color=\u00a0\u00bboff\u00a0\u00bb text_orientation=\u00a0\u00bbcenter\u00a0\u00bb border_color_bottom=\u00a0\u00bb#66EB00&Prime; border_style_bottom=\u00a0\u00bbdouble\u00a0\u00bb border_color_left=\u00a0\u00bb#66EB00&Prime; border_style_left=\u00a0\u00bbdouble\u00a0\u00bb global_colors_info=\u00a0\u00bb{}\u00a0\u00bb]<\/p>\n<blockquote>\n<p style=\"margin-bottom: 0cm; line-height: 100%; text-align: left;\">Que cela soit pour des d\u00e9placements professionnels, des vacances, ou bien pour une p\u00e9riode de transition, la R\u00e9sidence des Pins vous accueille dans de sympathiques appartements de type, petits lofts terrasse, studio, F1 cuisine s\u00e9par\u00e9e, F2 duplex, enti\u00e8rement meubl\u00e9s et am\u00e9nag\u00e9s pour quelques nuits ou plusieurs semaines \u00e0 seulement 2 pas de la fronti\u00e8re suisse de Gen\u00e8ve&#8230;!<\/p>\n<\/blockquote>\n<p style=\"margin-bottom: 0cm; line-height: 100%; text-align: center;\">[\/et_pb_text][\/et_pb_column][\/et_pb_row][et_pb_row column_structure=\u00a0\u00bb1_3,1_3,1_3&Prime; _builder_version=\u00a0\u00bb4.21.0&Prime; _module_preset=\u00a0\u00bbdefault\u00a0\u00bb global_colors_info=\u00a0\u00bb{}\u00a0\u00bb][et_pb_column type=\u00a0\u00bb1_3&Prime; _builder_version=\u00a0\u00bb4.21.0&Prime; _module_preset=\u00a0\u00bbdefault\u00a0\u00bb global_colors_info=\u00a0\u00bb{}\u00a0\u00bb][et_pb_image src=\u00a0\u00bbhttp:\/\/residencedespins.ddns.net\/wordpress\/wp-content\/uploads\/2023\/06\/Chambre-et-balcon-scaled.jpg\u00a0\u00bb title_text=\u00a0\u00bbF1 cuisine s\u00e9par\u00e9e\u00a0\u00bb show_in_lightbox=\u00a0\u00bbon\u00a0\u00bb _builder_version=\u00a0\u00bb4.21.0&Prime; _module_preset=\u00a0\u00bbdefault\u00a0\u00bb global_colors_info=\u00a0\u00bb{}\u00a0\u00bb][\/et_pb_image][et_pb_text _builder_version=\u00a0\u00bb4.21.0&Prime; _module_preset=\u00a0\u00bbdefault\u00a0\u00bb text_font=\u00a0\u00bbAlatsi||||||||\u00a0\u00bb text_text_color=\u00a0\u00bb#5E4955&Prime; text_font_size=\u00a0\u00bb24px\u00a0\u00bb text_letter_spacing=\u00a0\u00bb3px\u00a0\u00bb text_line_height=\u00a0\u00bb1em\u00a0\u00bb text_orientation=\u00a0\u00bbcenter\u00a0\u00bb border_width_bottom=\u00a0\u00bb5px\u00a0\u00bb border_color_bottom=\u00a0\u00bb#66EB00&Prime; border_style_bottom=\u00a0\u00bbdouble\u00a0\u00bb global_colors_info=\u00a0\u00bb{}\u00a0\u00bb]<\/p>\n<p style=\"text-align: center;\">F1 sur terrasse, cuisine et chambre s\u00e9par\u00e9e<\/p>\n<p style=\"text-align: center;\">[\/et_pb_text][\/et_pb_column][et_pb_column type=\u00a0\u00bb1_3&Prime; _builder_version=\u00a0\u00bb4.21.0&Prime; _module_preset=\u00a0\u00bbdefault\u00a0\u00bb global_colors_info=\u00a0\u00bb{}\u00a0\u00bb][et_pb_image src=\u00a0\u00bbhttp:\/\/residencedespins.ddns.net\/wordpress\/wp-content\/uploads\/2023\/06\/Studio-terrasse-lit-scaled.jpg\u00a0\u00bb alt=\u00a0\u00bbUn studio terrasse surplombant le jardin de la R\u00e9sidence des Pins\u00a0\u00bb title_text=\u00a0\u00bbStudio terrasse &#8211; Chambre\u00a0\u00bb show_in_lightbox=\u00a0\u00bbon\u00a0\u00bb _builder_version=\u00a0\u00bb4.21.0&Prime; _module_preset=\u00a0\u00bbdefault\u00a0\u00bb global_colors_info=\u00a0\u00bb{}\u00a0\u00bb][\/et_pb_image][et_pb_text _builder_version=\u00a0\u00bb4.21.0&Prime; _module_preset=\u00a0\u00bbdefault\u00a0\u00bb text_font=\u00a0\u00bbAlatsi||||||||\u00a0\u00bb text_text_color=\u00a0\u00bb#5E4955&Prime; text_font_size=\u00a0\u00bb24px\u00a0\u00bb text_letter_spacing=\u00a0\u00bb3px\u00a0\u00bb text_line_height=\u00a0\u00bb1em\u00a0\u00bb text_orientation=\u00a0\u00bbcenter\u00a0\u00bb border_width_bottom=\u00a0\u00bb5px\u00a0\u00bb border_color_bottom=\u00a0\u00bb#66EB00&Prime; border_style_bottom=\u00a0\u00bbdouble\u00a0\u00bb global_colors_info=\u00a0\u00bb{}\u00a0\u00bb]<\/p>\n<p style=\"text-align: center;\">\n<p style=\"text-align: center;\">Studio sur terrasse<\/p>\n<p style=\"text-align: center;\">\n<p>[\/et_pb_text][et_pb_image src=\u00a0\u00bbhttp:\/\/residencedespins.ddns.net\/wordpress\/wp-content\/uploads\/2023\/06\/Pomme-de-pins-1.jpg\u00a0\u00bb title_text=\u00a0\u00bbPomme de pins\u00a0\u00bb align=\u00a0\u00bbcenter\u00a0\u00bb _builder_version=\u00a0\u00bb4.21.0&Prime; _module_preset=\u00a0\u00bbdefault\u00a0\u00bb global_colors_info=\u00a0\u00bb{}\u00a0\u00bb][\/et_pb_image][\/et_pb_column][et_pb_column type=\u00a0\u00bb1_3&Prime; _builder_version=\u00a0\u00bb4.21.0&Prime; _module_preset=\u00a0\u00bbdefault\u00a0\u00bb global_colors_info=\u00a0\u00bb{}\u00a0\u00bb][et_pb_image src=\u00a0\u00bbhttp:\/\/residencedespins.ddns.net\/wordpress\/wp-content\/uploads\/2023\/06\/Salle-de-bains-studio-terrasse-scaled.jpg\u00a0\u00bb alt=\u00a0\u00bbSalle de bains du studio terrasse de la R\u00e9sidence des Pins\u00a0\u00bb title_text=\u00a0\u00bbSalle de bains &#8211; studio terrasse\u00a0\u00bb show_in_lightbox=\u00a0\u00bbon\u00a0\u00bb _builder_version=\u00a0\u00bb4.21.0&Prime; _module_preset=\u00a0\u00bbdefault\u00a0\u00bb global_colors_info=\u00a0\u00bb{}\u00a0\u00bb][\/et_pb_image][et_pb_text _builder_version=\u00a0\u00bb4.21.0&Prime; _module_preset=\u00a0\u00bbdefault\u00a0\u00bb text_font=\u00a0\u00bbAlatsi||||||||\u00a0\u00bb text_text_color=\u00a0\u00bb#5E4955&Prime; text_font_size=\u00a0\u00bb24px\u00a0\u00bb text_letter_spacing=\u00a0\u00bb3px\u00a0\u00bb text_line_height=\u00a0\u00bb1em\u00a0\u00bb text_orientation=\u00a0\u00bbcenter\u00a0\u00bb border_width_bottom=\u00a0\u00bb5px\u00a0\u00bb border_color_bottom=\u00a0\u00bb#66EB00&Prime; border_style_bottom=\u00a0\u00bbdouble\u00a0\u00bb global_colors_info=\u00a0\u00bb{}\u00a0\u00bb]<\/p>\n<p style=\"text-align: center;\">Salle de bains du studio terrasse<\/p>\n<p style=\"text-align: center;\">[\/et_pb_text][\/et_pb_column][\/et_pb_row][et_pb_row _builder_version=\u00a0\u00bb4.21.0&Prime; _module_preset=\u00a0\u00bbdefault\u00a0\u00bb global_colors_info=\u00a0\u00bb{}\u00a0\u00bb][et_pb_column type=\u00a0\u00bb4_4&Prime; _builder_version=\u00a0\u00bb4.21.0&Prime; _module_preset=\u00a0\u00bbdefault\u00a0\u00bb global_colors_info=\u00a0\u00bb{}\u00a0\u00bb][et_pb_text admin_label=\u00a0\u00bbR\u00e9servez maintenant ou bien contactez nous\u00a0\u00bb _builder_version=\u00a0\u00bb4.21.2&Prime; _dynamic_attributes=\u00a0\u00bblink_option_url\u00a0\u00bb _module_preset=\u00a0\u00bbdefault\u00a0\u00bb text_font=\u00a0\u00bbAlatsi||||||||\u00a0\u00bb text_text_color=\u00a0\u00bb#5E4955&Prime; text_font_size=\u00a0\u00bb25px\u00a0\u00bb text_letter_spacing=\u00a0\u00bb5px\u00a0\u00bb text_line_height=\u00a0\u00bb1.5em\u00a0\u00bb background_color=\u00a0\u00bbrgba(134,232,204,0.4)\u00a0\u00bb text_orientation=\u00a0\u00bbcenter\u00a0\u00bb width=\u00a0\u00bb61.1%\u00a0\u00bb max_width=\u00a0\u00bb100%\u00a0\u00bb module_alignment=\u00a0\u00bbright\u00a0\u00bb max_height=\u00a0\u00bb1000px\u00a0\u00bb custom_margin=\u00a0\u00bb|354px|-13px|21px|false|false\u00a0\u00bb custom_padding=\u00a0\u00bb|0px||||\u00a0\u00bb animation_style=\u00a0\u00bbzoom\u00a0\u00bb animation_duration=\u00a0\u00bb1950ms\u00a0\u00bb animation_intensity_zoom=\u00a0\u00bb78%\u00a0\u00bb animation_starting_opacity=\u00a0\u00bb30%\u00a0\u00bb link_option_url=\u00a0\u00bb@ET-DC@eyJkeW5hbWljIjp0cnVlLCJjb250ZW50IjoicG9zdF9saW5rX3VybF9wYWdlIiwic2V0dGluZ3MiOnsicG9zdF9pZCI6IjUxIn19@\u00a0\u00bb global_colors_info=\u00a0\u00bb{}\u00a0\u00bb]<\/p>\n<p style=\"text-align: center;\">Effectuer une pr\u00e9-r\u00e9servation d\u00e8s maintenant ou bien contactez nous<\/p>\n<p>[\/et_pb_text][\/et_pb_column][\/et_pb_row][et_pb_row _builder_version=\u00a0\u00bb4.21.0&Prime; _module_preset=\u00a0\u00bbdefault\u00a0\u00bb global_colors_info=\u00a0\u00bb{}\u00a0\u00bb][et_pb_column type=\u00a0\u00bb4_4&Prime; _builder_version=\u00a0\u00bb4.21.0&Prime; _module_preset=\u00a0\u00bbdefault\u00a0\u00bb global_colors_info=\u00a0\u00bb{}\u00a0\u00bb][et_pb_image src=\u00a0\u00bbhttp:\/\/residencedespins.ddns.net\/wordpress\/wp-content\/uploads\/2023\/06\/Maison-cote-rue-des-Vignes-scaled.jpg\u00a0\u00bb alt=\u00a0\u00bbEntr\u00e9e de la R\u00e9sidence des Pins c\u00f4t\u00e9 rue des Vignes \u00e0 Gaillard\u00a0\u00bb title_text=\u00a0\u00bbMaison c\u00f4t\u00e9 rue des Vignes\u00a0\u00bb show_in_lightbox=\u00a0\u00bbon\u00a0\u00bb _builder_version=\u00a0\u00bb4.21.0&Prime; _module_preset=\u00a0\u00bbdefault\u00a0\u00bb global_colors_info=\u00a0\u00bb{}\u00a0\u00bb][\/et_pb_image][et_pb_image src=\u00a0\u00bbhttp:\/\/residencedespins.ddns.net\/wordpress\/wp-content\/uploads\/2023\/06\/Lignes-de-pignes-de-pin.jpg\u00a0\u00bb title_text=\u00a0\u00bbSpruce tree cones and branches pattern border. Vector illustration.\u00a0\u00bb align=\u00a0\u00bbcenter\u00a0\u00bb _builder_version=\u00a0\u00bb4.21.0&Prime; _module_preset=\u00a0\u00bbdefault\u00a0\u00bb global_colors_info=\u00a0\u00bb{}\u00a0\u00bb][\/et_pb_image][\/et_pb_column][\/et_pb_row][\/et_pb_section]<\/p>\n","protected":false},"excerpt":{"rendered":"<p>Les appartements de la R\u00e9sidence des Pins diff\u00e9rent tant par leur style que par leur grandeur et capacit\u00e9 et encore leur situation en rez de jardin ou bien dans les \u00e9tages sup\u00e9rieurs&#8230;!<\/p>\n","protected":false},"author":1,"featured_media":0,"parent":228,"menu_order":1,"comment_status":"open","ping_status":"closed","template":"","meta":{"_et_pb_use_builder":"on","_et_pb_old_content":"","_et_gb_content_width":"","footnotes":""},"class_list":["post-93","page","type-page","status-publish","hentry"],"_links":{"self":[{"href":"http:\/\/residencedespins.ddns.net\/wordpress\/wp-json\/wp\/v2\/pages\/93","targetHints":{"allow":["GET"]}}],"collection":[{"href":"http:\/\/residencedespins.ddns.net\/wordpress\/wp-json\/wp\/v2\/pages"}],"about":[{"href":"http:\/\/residencedespins.ddns.net\/wordpress\/wp-json\/wp\/v2\/types\/page"}],"author":[{"embeddable":true,"href":"http:\/\/residencedespins.ddns.net\/wordpress\/wp-json\/wp\/v2\/users\/1"}],"replies":[{"embeddable":true,"href":"http:\/\/residencedespins.ddns.net\/wordpress\/wp-json\/wp\/v2\/comments?post=93"}],"version-history":[{"count":37,"href":"http:\/\/residencedespins.ddns.net\/wordpress\/wp-json\/wp\/v2\/pages\/93\/revisions"}],"predecessor-version":[{"id":1409,"href":"http:\/\/residencedespins.ddns.net\/wordpress\/wp-json\/wp\/v2\/pages\/93\/revisions\/1409"}],"up":[{"embeddable":true,"href":"http:\/\/residencedespins.ddns.net\/wordpress\/wp-json\/wp\/v2\/pages\/228"}],"wp:attachment":[{"href":"http:\/\/residencedespins.ddns.net\/wordpress\/wp-json\/wp\/v2\/media?parent=93"}],"curies":[{"name":"wp","href":"https:\/\/api.w.org\/{rel}","templated":true}]}}